{"id":3410,"date":"2022-06-22T14:49:27","date_gmt":"2022-06-22T14:49:27","guid":{"rendered":"https:\/\/xn--typisch-s-x9a.ch\/?page_id=3410"},"modified":"2022-06-23T13:49:05","modified_gmt":"2022-06-23T13:49:05","slug":"kraterwanderung-zu-den-gryden","status":"publish","type":"page","link":"https:\/\/xn--typisch-s-x9a.ch\/?page_id=3410","title":{"rendered":"Kraterwanderung zu den Gryden"},"content":{"rendered":"\n<p>Diese Wanderung f\u00fchrt von der Bergstation der Bettelberg-Bahn auf Wanderwegen bis zur sehr eindr\u00fccklichen Kraterlandschaft am Gryden und zur\u00fcck. Der R\u00fcckweg erfolgt \u00fcber die Nordflanke der St\u00fcbleni \u00fcber rot-weiss-markierten Weg. So ergibt sich eine wunderbare kleine Runde &#171;um die St\u00fcbleni herum&#187;. Wir konnten mit dieser Wanderung die Multis &#171;Gryden &#8211; Kraterwanderung \u00fcber der Lenk&#187; (<a href=\"https:\/\/coord.info\/GC7A9VK\">GC7A9VK<\/a>) und &#171;<a rel=\"noreferrer noopener\" href=\"https:\/\/www.geocaching.com\/seek\/cache_details.aspx?wp=GC4JNN4\" target=\"_blank\">H\u00f6henrundweg Leiterli<\/a>&#187; (GC4JNN4) sowie die Tradis &#171;Alperlebnisweg Leiterli&#187; (<a href=\"https:\/\/coord.info\/GC4M2PH\">GC4M2PH<\/a>) und &#171;<a rel=\"noreferrer noopener\" href=\"https:\/\/www.geocaching.com\/seek\/cache_details.aspx?wp=GC7ABVN\" target=\"_blank\">St\u00fcbleni, 2109m<\/a>&#187; (GC7ABVN) und den Earth-Cache &#171;<a rel=\"noreferrer noopener\" href=\"https:\/\/www.geocaching.com\/seek\/cache_details.aspx?wp=GC7A5ZT\" target=\"_blank\">Die Krater des Gryden<\/a>&#187; (GC7A5ZT) besuchen.<\/p>\n\n\n\n<p>Wir erlebten eine wundersch\u00f6nen Tag inklusive Bergfr\u00fchling und einer unglaublichen Bl\u00fctenpracht. Die Enziane sind am Anfang ihrer Bl\u00fcte, unz\u00e4hlige werden demn\u00e4chst folgen.<\/p>\n\n\n\n<p>G\u00e4bige Wanderung, jedoch am Tag der Wanderung unglaublich heiss.<\/p>\n\n\n\n<figure class=\"wp-block-image size-large\"><img loading=\"lazy\" decoding=\"async\" width=\"1024\" height=\"512\" src=\"https:\/\/xn--typisch-s-x9a.ch\/wp-content\/uploads\/2022\/06\/img_2220-1024x512.jpg\" alt=\"\" class=\"wp-image-3418\" srcset=\"https:\/\/xn--typisch-s-x9a.ch\/wp-content\/uploads\/2022\/06\/img_2220-1024x512.jpg 1024w, https:\/\/xn--typisch-s-x9a.ch\/wp-content\/uploads\/2022\/06\/img_2220-300x150.jpg 300w, https:\/\/xn--typisch-s-x9a.ch\/wp-content\/uploads\/2022\/06\/img_2220-768x384.jpg 768w, https:\/\/xn--typisch-s-x9a.ch\/wp-content\/uploads\/2022\/06\/img_2220-1536x768.jpg 1536w, https:\/\/xn--typisch-s-x9a.ch\/wp-content\/uploads\/2022\/06\/img_2220.jpg 2000w\" sizes=\"auto, (max-width: 706px) 89vw, (max-width: 767px) 82vw, 740px\" \/><\/figure>\n\n\n\n<figure class=\"wp-block-image size-large\"><img loading=\"lazy\" decoding=\"async\" width=\"2000\" height=\"1000\" src=\"https:\/\/xn--typisch-s-x9a.ch\/wp-content\/uploads\/2022\/06\/img_5481.jpg\" alt=\"\" class=\"wp-image-3420\" srcset=\"https:\/\/xn--typisch-s-x9a.ch\/wp-content\/uploads\/2022\/06\/img_5481.jpg 2000w, https:\/\/xn--typisch-s-x9a.ch\/wp-content\/uploads\/2022\/06\/img_5481-300x150.jpg 300w, https:\/\/xn--typisch-s-x9a.ch\/wp-content\/uploads\/2022\/06\/img_5481-1024x512.jpg 1024w, https:\/\/xn--typisch-s-x9a.ch\/wp-content\/uploads\/2022\/06\/img_5481-768x384.jpg 768w, https:\/\/xn--typisch-s-x9a.ch\/wp-content\/uploads\/2022\/06\/img_5481-1536x768.jpg 1536w\" sizes=\"auto, (max-width: 706px) 89vw, (max-width: 767px) 82vw, 740px\" \/><\/figure>\n\n\n\n<figure class=\"wp-block-image size-large\"><img loading=\"lazy\" decoding=\"async\" width=\"1024\" height=\"512\" src=\"https:\/\/xn--typisch-s-x9a.ch\/wp-content\/uploads\/2022\/06\/img_5481-5-1024x512.jpg\" alt=\"\" class=\"wp-image-3428\" srcset=\"https:\/\/xn--typisch-s-x9a.ch\/wp-content\/uploads\/2022\/06\/img_5481-5-1024x512.jpg 1024w, https:\/\/xn--typisch-s-x9a.ch\/wp-content\/uploads\/2022\/06\/img_5481-5-300x150.jpg 300w, https:\/\/xn--typisch-s-x9a.ch\/wp-content\/uploads\/2022\/06\/img_5481-5-768x384.jpg 768w, https:\/\/xn--typisch-s-x9a.ch\/wp-content\/uploads\/2022\/06\/img_5481-5-1536x768.jpg 1536w, https:\/\/xn--typisch-s-x9a.ch\/wp-content\/uploads\/2022\/06\/img_5481-5.jpg 2000w\" sizes=\"auto, (max-width: 706px) 89vw, (max-width: 767px) 82vw, 740px\" \/><\/figure>\n\n\n\n<figure class=\"wp-block-image size-large\"><img loading=\"lazy\" decoding=\"async\" width=\"1024\" height=\"512\" src=\"https:\/\/xn--typisch-s-x9a.ch\/wp-content\/uploads\/2022\/06\/img_2218-3-1024x512.jpg\" alt=\"\" class=\"wp-image-3422\" srcset=\"https:\/\/xn--typisch-s-x9a.ch\/wp-content\/uploads\/2022\/06\/img_2218-3-1024x512.jpg 1024w, https:\/\/xn--typisch-s-x9a.ch\/wp-content\/uploads\/2022\/06\/img_2218-3-300x150.jpg 300w, https:\/\/xn--typisch-s-x9a.ch\/wp-content\/uploads\/2022\/06\/img_2218-3-768x384.jpg 768w, https:\/\/xn--typisch-s-x9a.ch\/wp-content\/uploads\/2022\/06\/img_2218-3-1536x768.jpg 1536w, https:\/\/xn--typisch-s-x9a.ch\/wp-content\/uploads\/2022\/06\/img_2218-3.jpg 2000w\" sizes=\"auto, (max-width: 706px) 89vw, (max-width: 767px) 82vw, 740px\" \/><\/figure>\n\n\n\n<figure class=\"wp-block-image size-large\"><img loading=\"lazy\" decoding=\"async\" width=\"1024\" height=\"512\" src=\"https:\/\/xn--typisch-s-x9a.ch\/wp-content\/uploads\/2022\/06\/img_5481-1-1024x512.jpg\" alt=\"\" class=\"wp-image-3421\" srcset=\"https:\/\/xn--typisch-s-x9a.ch\/wp-content\/uploads\/2022\/06\/img_5481-1-1024x512.jpg 1024w, https:\/\/xn--typisch-s-x9a.ch\/wp-content\/uploads\/2022\/06\/img_5481-1-300x150.jpg 300w, https:\/\/xn--typisch-s-x9a.ch\/wp-content\/uploads\/2022\/06\/img_5481-1-768x384.jpg 768w, https:\/\/xn--typisch-s-x9a.ch\/wp-content\/uploads\/2022\/06\/img_5481-1-1536x768.jpg 1536w, https:\/\/xn--typisch-s-x9a.ch\/wp-content\/uploads\/2022\/06\/img_5481-1.jpg 2000w\" sizes=\"auto, (max-width: 706px) 89vw, (max-width: 767px) 82vw, 740px\" \/><\/figure>\n\n\n\n<figure class=\"wp-block-image size-large\"><img loading=\"lazy\" decoding=\"async\" width=\"1024\" height=\"512\" src=\"https:\/\/xn--typisch-s-x9a.ch\/wp-content\/uploads\/2022\/06\/img_5481-3-1024x512.jpg\" alt=\"\" class=\"wp-image-3426\" srcset=\"https:\/\/xn--typisch-s-x9a.ch\/wp-content\/uploads\/2022\/06\/img_5481-3-1024x512.jpg 1024w, https:\/\/xn--typisch-s-x9a.ch\/wp-content\/uploads\/2022\/06\/img_5481-3-300x150.jpg 300w, https:\/\/xn--typisch-s-x9a.ch\/wp-content\/uploads\/2022\/06\/img_5481-3-768x384.jpg 768w, https:\/\/xn--typisch-s-x9a.ch\/wp-content\/uploads\/2022\/06\/img_5481-3-1536x768.jpg 1536w, https:\/\/xn--typisch-s-x9a.ch\/wp-content\/uploads\/2022\/06\/img_5481-3.jpg 2000w\" sizes=\"auto, (max-width: 706px) 89vw, (max-width: 767px) 82vw, 740px\" \/><\/figure>\n\n\n\n<figure class=\"wp-block-image size-large\"><img loading=\"lazy\" decoding=\"async\" width=\"1024\" height=\"512\" src=\"https:\/\/xn--typisch-s-x9a.ch\/wp-content\/uploads\/2022\/06\/img_5481-4-1024x512.jpg\" alt=\"\" class=\"wp-image-3427\" srcset=\"https:\/\/xn--typisch-s-x9a.ch\/wp-content\/uploads\/2022\/06\/img_5481-4-1024x512.jpg 1024w, https:\/\/xn--typisch-s-x9a.ch\/wp-content\/uploads\/2022\/06\/img_5481-4-300x150.jpg 300w, https:\/\/xn--typisch-s-x9a.ch\/wp-content\/uploads\/2022\/06\/img_5481-4-768x384.jpg 768w, https:\/\/xn--typisch-s-x9a.ch\/wp-content\/uploads\/2022\/06\/img_5481-4-1536x768.jpg 1536w, https:\/\/xn--typisch-s-x9a.ch\/wp-content\/uploads\/2022\/06\/img_5481-4.jpg 2000w\" sizes=\"auto, (max-width: 706px) 89vw, (max-width: 767px) 82vw, 740px\" \/><\/figure>\n\n\n\n<figure class=\"wp-block-image size-large\"><img loading=\"lazy\" decoding=\"async\" width=\"2000\" height=\"1000\" src=\"https:\/\/xn--typisch-s-x9a.ch\/wp-content\/uploads\/2022\/06\/img_5481-1.png\" alt=\"\" class=\"wp-image-3431\" srcset=\"https:\/\/xn--typisch-s-x9a.ch\/wp-content\/uploads\/2022\/06\/img_5481-1.png 2000w, https:\/\/xn--typisch-s-x9a.ch\/wp-content\/uploads\/2022\/06\/img_5481-1-300x150.png 300w\" sizes=\"auto, (max-width: 706px) 89vw, (max-width: 767px) 82vw, 740px\" \/><\/figure>\n","protected":false},"excerpt":{"rendered":"<p>Diese Wanderung f\u00fchrt von der Bergstation der Bettelberg-Bahn auf Wanderwegen bis zur sehr eindr\u00fccklichen Kraterlandschaft am Gryden und zur\u00fcck. Der R\u00fcckweg erfolgt \u00fcber die Nordflanke der St\u00fcbleni \u00fcber rot-weiss-markierten Weg. So ergibt sich eine wunderbare kleine Runde &#171;um die St\u00fcbleni herum&#187;. Wir konnten mit dieser Wanderung die Multis &#171;Gryden &#8211; Kraterwanderung \u00fcber der Lenk&#187; (GC7A9VK) &hellip; <\/p>\n<p class=\"link-more\"><a href=\"https:\/\/xn--typisch-s-x9a.ch\/?page_id=3410\" class=\"more-link\"><span class=\"screen-reader-text\">&#171;Kraterwanderung zu den Gryden&#187;<\/span> weiterlesen<\/a><\/p>\n","protected":false},"author":1,"featured_media":3400,"parent":0,"menu_order":0,"comment_status":"closed","ping_status":"closed","template":"","meta":{"footnotes":""},"class_list":["post-3410","page","type-page","status-publish","has-post-thumbnail","hentry"],"jetpack_sharing_enabled":true,"_links":{"self":[{"href":"https:\/\/xn--typisch-s-x9a.ch\/index.php?rest_route=\/wp\/v2\/pages\/3410","targetHints":{"allow":["GET"]}}],"collection":[{"href":"https:\/\/xn--typisch-s-x9a.ch\/index.php?rest_route=\/wp\/v2\/pages"}],"about":[{"href":"https:\/\/xn--typisch-s-x9a.ch\/index.php?rest_route=\/wp\/v2\/types\/page"}],"author":[{"embeddable":true,"href":"https:\/\/xn--typisch-s-x9a.ch\/index.php?rest_route=\/wp\/v2\/users\/1"}],"replies":[{"embeddable":true,"href":"https:\/\/xn--typisch-s-x9a.ch\/index.php?rest_route=%2Fwp%2Fv2%2Fcomments&post=3410"}],"version-history":[{"count":6,"href":"https:\/\/xn--typisch-s-x9a.ch\/index.php?rest_route=\/wp\/v2\/pages\/3410\/revisions"}],"predecessor-version":[{"id":3433,"href":"https:\/\/xn--typisch-s-x9a.ch\/index.php?rest_route=\/wp\/v2\/pages\/3410\/revisions\/3433"}],"wp:featuredmedia":[{"embeddable":true,"href":"https:\/\/xn--typisch-s-x9a.ch\/index.php?rest_route=\/wp\/v2\/media\/3400"}],"wp:attachment":[{"href":"https:\/\/xn--typisch-s-x9a.ch\/index.php?rest_route=%2Fwp%2Fv2%2Fmedia&parent=3410"}],"curies":[{"name":"wp","href":"https:\/\/api.w.org\/{rel}","templated":true}]}}